{"id":1966,"date":"2024-04-29T11:00:06","date_gmt":"2024-04-29T11:00:06","guid":{"rendered":"https:\/\/escueladeidiomastenerife.com\/?page_id=1966"},"modified":"2024-05-24T14:30:14","modified_gmt":"2024-05-24T14:30:14","slug":"mision-vision","status":"publish","type":"page","link":"https:\/\/escueladeidiomastenerife.com\/en\/mision-vision\/","title":{"rendered":"Mission and vision"},"content":{"rendered":"<div data-elementor-type=\"wp-page\" data-elementor-id=\"1966\" class=\"elementor elementor-1966\" data-elementor-post-type=\"page\">\n\t\t\t\t\t\t<section class=\"elementor-section elementor-top-section elementor-element elementor-element-e920a79 elementor-section-content-middle elementor-section-height-min-height elementor-section-boxed elementor-section-height-default elementor-section-items-middle\" data-id=\"e920a79\" data-element_type=\"section\" data-settings=\"{&quot;background_background&quot;:&quot;classic&quot;}\">\n\t\t\t\t\t\t\t<div class=\"elementor-background-overlay\"><\/div>\n\t\t\t\t\t\t\t<div class=\"elementor-container elementor-column-gap-default\">\n\t\t\t\t\t<div class=\"elementor-column elementor-col-100 elementor-top-column elementor-element elementor-element-2a8d5f6\" data-id=\"2a8d5f6\" data-element_type=\"column\">\n\t\t\t<div class=\"elementor-widget-wrap elementor-element-populated\">\n\t\t\t\t\t\t<div class=\"elementor-element elementor-element-0d70879 elementor-widget elementor-widget-heading\" data-id=\"0d70879\" data-element_type=\"widget\" data-no-translation=\"\" data-widget_type=\"heading.default\">\n\t\t\t\t<div class=\"elementor-widget-container\">\n\t\t\t<style>\/*! elementor - v3.23.0 - 15-07-2024 *\/\n.elementor-heading-title{padding:0;margin:0;line-height:1}.elementor-widget-heading .elementor-heading-title[class*=elementor-size-]>a{color:inherit;font-size:inherit;line-height:inherit}.elementor-widget-heading .elementor-heading-title.elementor-size-small{font-size:15px}.elementor-widget-heading .elementor-heading-title.elementor-size-medium{font-size:19px}.elementor-widget-heading .elementor-heading-title.elementor-size-large{font-size:29px}.elementor-widget-heading .elementor-heading-title.elementor-size-xl{font-size:39px}.elementor-widget-heading .elementor-heading-title.elementor-size-xxl{font-size:59px}<\/style><style>.elementor-element-0d70879{display:none !important}<\/style>\t\t<\/div>\n\t\t\t\t<\/div>\n\t\t\t\t<div class=\"elementor-element elementor-element-8f795f8 elementor-widget elementor-widget-heading\" data-id=\"8f795f8\" data-element_type=\"widget\" data-no-translation=\"\" data-widget_type=\"heading.default\">\n\t\t\t\t<div class=\"elementor-widget-container\">\n\t\t\t<h1 class=\"elementor-heading-title elementor-size-default\">MISSION AND VISION<\/h1>\t\t<\/div>\n\t\t\t\t<\/div>\n\t\t\t\t<div class=\"elementor-element elementor-element-85042ef elementor-widget elementor-widget-heading\" data-id=\"85042ef\" data-element_type=\"widget\" data-no-translation=\"\" data-widget_type=\"heading.default\">\n\t\t\t\t<div class=\"elementor-widget-container\">\n\t\t\t<style>.elementor-element-85042ef{display:none !important}<\/style>\t\t<\/div>\n\t\t\t\t<\/div>\n\t\t\t\t\t<\/div>\n\t\t<\/div>\n\t\t\t\t\t<\/div>\n\t\t<\/section>\n\t\t\t\t<section class=\"elementor-section elementor-top-section elementor-element elementor-element-2ed42d0 elementor-section-content-middle elementor-section-boxed elementor-section-height-default elementor-section-height-default\" data-id=\"2ed42d0\" data-element_type=\"section\" data-no-translation=\"\">\n\t\t\t\t\t\t<div class=\"elementor-container elementor-column-gap-wider\">\n\t\t\t\t\t<div class=\"elementor-column elementor-col-50 elementor-top-column elementor-element elementor-element-5eb580d\" data-id=\"5eb580d\" data-element_type=\"column\">\n\t\t\t<div class=\"elementor-widget-wrap elementor-element-populated\">\n\t\t\t\t\t\t<section class=\"elementor-section elementor-inner-section elementor-element elementor-element-e4ce9b2 elementor-section-content-middle elementor-section-boxed elementor-section-height-default elementor-section-height-default\" data-id=\"e4ce9b2\" data-element_type=\"section\">\n\t\t\t\t\t\t<div class=\"elementor-container elementor-column-gap-no\">\n\t\t\t\t\t<div class=\"elementor-column elementor-col-100 elementor-inner-column elementor-element elementor-element-5c0995c\" data-id=\"5c0995c\" data-element_type=\"column\">\n\t\t\t<div class=\"elementor-widget-wrap elementor-element-populated\">\n\t\t\t\t\t\t<div class=\"elementor-element elementor-element-7f51598 elementor-widget__width-auto elementor-invisible elementor-widget elementor-widget-image\" data-id=\"7f51598\" data-element_type=\"widget\" data-settings=\"{&quot;_animation&quot;:&quot;fadeInLeft&quot;}\" data-widget_type=\"image.default\">\n\t\t\t\t<div class=\"elementor-widget-container\">\n\t\t\t\t\t\t\t\t\t\t\t\t\t<img decoding=\"async\" width=\"30\" height=\"30\" src=\"https:\/\/escueladeidiomastenerife.com\/wp-content\/uploads\/2022\/06\/Rectangle-5-1.jpg\" class=\"attachment-large size-large wp-image-13\" alt=\"\" \/>\t\t\t\t\t\t\t\t\t\t\t\t\t<\/div>\n\t\t\t\t<\/div>\n\t\t\t\t<div class=\"elementor-element elementor-element-5aa5d2f elementor-widget__width-auto elementor-widget elementor-widget-heading\" data-id=\"5aa5d2f\" data-element_type=\"widget\" data-widget_type=\"heading.default\">\n\t\t\t\t<div class=\"elementor-widget-container\">\n\t\t\t<h2 class=\"elementor-heading-title elementor-size-default\">MISSION<\/h2>\t\t<\/div>\n\t\t\t\t<\/div>\n\t\t\t\t\t<\/div>\n\t\t<\/div>\n\t\t\t\t\t<\/div>\n\t\t<\/section>\n\t\t\t\t<div class=\"elementor-element elementor-element-ca7e83d elementor-widget-divider--separator-type-pattern elementor-widget-divider--view-line elementor-widget elementor-widget-divider\" data-id=\"ca7e83d\" data-element_type=\"widget\" data-widget_type=\"divider.default\">\n\t\t\t\t<div class=\"elementor-widget-container\">\n\t\t\t\t\t<div class=\"elementor-divider\" style=\"--divider-pattern-url: url(&quot;data:image\/svg+xml,%3Csvg xmlns=&#039;http:\/\/www.w3.org\/2000\/svg&#039; preserveAspectRatio=&#039;none&#039; overflow=&#039;visible&#039; height=&#039;100%&#039; viewBox=&#039;0 0 24 24&#039; fill=&#039;none&#039; stroke=&#039;black&#039; stroke-width=&#039;2&#039; stroke-linecap=&#039;square&#039; stroke-miterlimit=&#039;10&#039;%3E%3Cpolyline points=&#039;0,18 12,6 24,18 &#039;\/%3E%3C\/svg%3E&quot;);\">\n\t\t\t<span class=\"elementor-divider-separator\">\n\t\t\t\t\t\t<\/span>\n\t\t<\/div>\n\t\t\t\t<\/div>\n\t\t\t\t<\/div>\n\t\t\t\t<div class=\"elementor-element elementor-element-cd25c0b elementor-widget elementor-widget-text-editor\" data-id=\"cd25c0b\" data-element_type=\"widget\" data-widget_type=\"text-editor.default\">\n\t\t\t\t<div class=\"elementor-widget-container\">\n\t\t\t\t\t\t\t<p>At Desilena our mission is:<\/p><ul><li>to offer our students a quality education through linguistic immersion in Spanish and its cultures;<\/li><li>to be an educational centre of reference in the teaching of Spanish as a Foreign Language in the Canary Islands;<\/li><li>to create a welcoming environment that encourages students to feel at home;<\/li><li>to help students&#8217; personal and professional growth by providing them with the necessary tools to adapt to and enjoy the Spanish-speaking world;<br \/>to encourage empathy, respect and unity between the different cultures within the centre.<\/li><\/ul>\t\t\t\t\t\t<\/div>\n\t\t\t\t<\/div>\n\t\t\t\t\t<\/div>\n\t\t<\/div>\n\t\t\t\t<div class=\"elementor-column elementor-col-50 elementor-top-column elementor-element elementor-element-f26605e\" data-id=\"f26605e\" data-element_type=\"column\">\n\t\t\t<div class=\"elementor-widget-wrap elementor-element-populated\">\n\t\t\t\t\t\t<section class=\"elementor-section elementor-inner-section elementor-element elementor-element-dcc5eae elementor-section-content-middle elementor-section-boxed elementor-section-height-default elementor-section-height-default\" data-id=\"dcc5eae\" data-element_type=\"section\">\n\t\t\t\t\t\t<div class=\"elementor-container elementor-column-gap-no\">\n\t\t\t\t\t<div class=\"elementor-column elementor-col-100 elementor-inner-column elementor-element elementor-element-5a846f4\" data-id=\"5a846f4\" data-element_type=\"column\">\n\t\t\t<div class=\"elementor-widget-wrap elementor-element-populated\">\n\t\t\t\t\t\t<div class=\"elementor-element elementor-element-ef210ed elementor-widget__width-auto elementor-invisible elementor-widget elementor-widget-image\" data-id=\"ef210ed\" data-element_type=\"widget\" data-settings=\"{&quot;_animation&quot;:&quot;fadeInLeft&quot;}\" data-widget_type=\"image.default\">\n\t\t\t\t<div class=\"elementor-widget-container\">\n\t\t\t\t\t\t\t\t\t\t\t\t\t<img decoding=\"async\" src=\"https:\/\/escueladeidiomastenerife.com\/wp-content\/uploads\/elementor\/thumbs\/Rectangle-3-11-ptcirm8d5dwvmps4a7lj36a9a78gxvnf9btiknh0oc.jpg\" title=\"Rectangle-3-11\" alt=\"Rectangle-3-11\" loading=\"lazy\" \/>\t\t\t\t\t\t\t\t\t\t\t\t\t<\/div>\n\t\t\t\t<\/div>\n\t\t\t\t<div class=\"elementor-element elementor-element-92ca504 elementor-widget__width-auto elementor-widget elementor-widget-heading\" data-id=\"92ca504\" data-element_type=\"widget\" data-widget_type=\"heading.default\">\n\t\t\t\t<div class=\"elementor-widget-container\">\n\t\t\t<h2 class=\"elementor-heading-title elementor-size-default\">VISION<\/h2>\t\t<\/div>\n\t\t\t\t<\/div>\n\t\t\t\t\t<\/div>\n\t\t<\/div>\n\t\t\t\t\t<\/div>\n\t\t<\/section>\n\t\t\t\t<div class=\"elementor-element elementor-element-44485a7 elementor-widget-divider--separator-type-pattern elementor-widget-divider--view-line elementor-widget elementor-widget-divider\" data-id=\"44485a7\" data-element_type=\"widget\" data-widget_type=\"divider.default\">\n\t\t\t\t<div class=\"elementor-widget-container\">\n\t\t\t\t\t<div class=\"elementor-divider\" style=\"--divider-pattern-url: url(&quot;data:image\/svg+xml,%3Csvg xmlns=&#039;http:\/\/www.w3.org\/2000\/svg&#039; preserveAspectRatio=&#039;none&#039; overflow=&#039;visible&#039; height=&#039;100%&#039; viewBox=&#039;0 0 24 24&#039; fill=&#039;none&#039; stroke=&#039;black&#039; stroke-width=&#039;2&#039; stroke-linecap=&#039;square&#039; stroke-miterlimit=&#039;10&#039;%3E%3Cpolyline points=&#039;0,18 12,6 24,18 &#039;\/%3E%3C\/svg%3E&quot;);\">\n\t\t\t<span class=\"elementor-divider-separator\">\n\t\t\t\t\t\t<\/span>\n\t\t<\/div>\n\t\t\t\t<\/div>\n\t\t\t\t<\/div>\n\t\t\t\t<div class=\"elementor-element elementor-element-f07ea04 elementor-widget elementor-widget-text-editor\" data-id=\"f07ea04\" data-element_type=\"widget\" data-widget_type=\"text-editor.default\">\n\t\t\t\t<div class=\"elementor-widget-container\">\n\t\t\t\t\t\t\t<p>At Desilena our vision is:<\/p><ul><li>to be an international educational centre of reference in the teaching of Spanish as a Foreign Language;<\/li><li>to ensure that students \u00abreturn home\u00bb (i.e. understanding home as Desilena school) and that they recommend us, thus expanding the Desilena family;<\/li><li>to be leaders in quality education in the teaching of Spanish by promoting methodological innovation and continuous updating;<\/li><li>to encourage the development of a tolerant and inclusive society inside and outside the school.<\/li><\/ul>\t\t\t\t\t\t<\/div>\n\t\t\t\t<\/div>\n\t\t\t\t\t<\/div>\n\t\t<\/div>\n\t\t\t\t\t<\/div>\n\t\t<\/section>\n\t\t\t\t<section class=\"elementor-section elementor-top-section elementor-element elementor-element-fb2b2d7 elementor-section-content-middle elementor-section-boxed elementor-section-height-default elementor-section-height-default\" data-id=\"fb2b2d7\" data-element_type=\"section\" data-no-translation=\"\">\n\t\t\t\t\t\t<div class=\"elementor-container elementor-column-gap-wider\">\n\t\t\t\t\t<div class=\"elementor-column elementor-col-100 elementor-top-column elementor-element elementor-element-c2dd850\" data-id=\"c2dd850\" data-element_type=\"column\">\n\t\t\t<div class=\"elementor-widget-wrap elementor-element-populated\">\n\t\t\t\t\t\t<section class=\"elementor-section elementor-inner-section elementor-element elementor-element-910b695 elementor-section-content-middle elementor-section-boxed elementor-section-height-default elementor-section-height-default\" data-id=\"910b695\" data-element_type=\"section\">\n\t\t\t\t\t\t<div class=\"elementor-container elementor-column-gap-no\">\n\t\t\t\t\t<div class=\"elementor-column elementor-col-100 elementor-inner-column elementor-element elementor-element-9bcd1b9\" data-id=\"9bcd1b9\" data-element_type=\"column\">\n\t\t\t<div class=\"elementor-widget-wrap elementor-element-populated\">\n\t\t\t\t\t\t<div class=\"elementor-element elementor-element-0075761 elementor-widget__width-auto elementor-invisible elementor-widget elementor-widget-image\" data-id=\"0075761\" data-element_type=\"widget\" data-settings=\"{&quot;_animation&quot;:&quot;fadeInLeft&quot;}\" data-widget_type=\"image.default\">\n\t\t\t\t<div class=\"elementor-widget-container\">\n\t\t\t\t\t\t\t\t\t\t\t\t\t<img decoding=\"async\" width=\"30\" height=\"30\" src=\"https:\/\/escueladeidiomastenerife.com\/wp-content\/uploads\/2022\/06\/Rectangle-5-1.jpg\" class=\"attachment-large size-large wp-image-13\" alt=\"\" \/>\t\t\t\t\t\t\t\t\t\t\t\t\t<\/div>\n\t\t\t\t<\/div>\n\t\t\t\t<div class=\"elementor-element elementor-element-3618c75 elementor-widget__width-auto elementor-widget elementor-widget-heading\" data-id=\"3618c75\" data-element_type=\"widget\" data-widget_type=\"heading.default\">\n\t\t\t\t<div class=\"elementor-widget-container\">\n\t\t\t<h2 class=\"elementor-heading-title elementor-size-default\">VALUES<\/h2>\t\t<\/div>\n\t\t\t\t<\/div>\n\t\t\t\t\t<\/div>\n\t\t<\/div>\n\t\t\t\t\t<\/div>\n\t\t<\/section>\n\t\t\t\t<div class=\"elementor-element elementor-element-9e44c95 elementor-widget-divider--separator-type-pattern elementor-widget-divider--view-line elementor-widget elementor-widget-divider\" data-id=\"9e44c95\" data-element_type=\"widget\" data-widget_type=\"divider.default\">\n\t\t\t\t<div class=\"elementor-widget-container\">\n\t\t\t\t\t<div class=\"elementor-divider\" style=\"--divider-pattern-url: url(&quot;data:image\/svg+xml,%3Csvg xmlns=&#039;http:\/\/www.w3.org\/2000\/svg&#039; preserveAspectRatio=&#039;none&#039; overflow=&#039;visible&#039; height=&#039;100%&#039; viewBox=&#039;0 0 24 24&#039; fill=&#039;none&#039; stroke=&#039;black&#039; stroke-width=&#039;2&#039; stroke-linecap=&#039;square&#039; stroke-miterlimit=&#039;10&#039;%3E%3Cpolyline points=&#039;0,18 12,6 24,18 &#039;\/%3E%3C\/svg%3E&quot;);\">\n\t\t\t<span class=\"elementor-divider-separator\">\n\t\t\t\t\t\t<\/span>\n\t\t<\/div>\n\t\t\t\t<\/div>\n\t\t\t\t<\/div>\n\t\t\t\t<div class=\"elementor-element elementor-element-7a7407a elementor-widget elementor-widget-text-editor\" data-id=\"7a7407a\" data-element_type=\"widget\" data-widget_type=\"text-editor.default\">\n\t\t\t\t<div class=\"elementor-widget-container\">\n\t\t\t\t\t\t\t<p>The principles and values that characterise Desilena are:<\/p><ul><li>academic excellence: we offer quality educational programmes that we update frequently;<\/li><li>professional ethics and commitment: the administrative, academic and teaching staff are highly committed to and responsible for the values upheld by the school, sharing our mission and vision;<\/li><li>personalised education: we see each student individually, adapting classes to their goals, preferences and needs;<\/li><li>corporate social responsibility: we understand that our impact on society and the environment can be decisive, and for this reason, we are committed to being a socially responsible school (a seal we hope to achieve by 2024) by contributing to the development of our local community;<\/li><li>non-discrimination and inclusion: we defend diversity and equality in all areas, respecting people and rules, using an attitude of dialogue to resolve possible conflicts and being tolerant of different opinions;<\/li><li>innovation and continuous improvement: we strive to be up to date in Spanish education by adopting new methodologies and educational technologies;<\/li><li>the participation of the whole educational community in the school&#8217;s project and in decision-making;<\/li><li>the use of Spanish from the very first lesson;<\/li><li>the consolidation and specialisation of the teaching staff: all our teachers are native speakers with university degrees, specialised in ELE who have extensive experience in teaching ELE and who act as guides for the students in their learning process.<\/li><\/ul>\t\t\t\t\t\t<\/div>\n\t\t\t\t<\/div>\n\t\t\t\t\t<\/div>\n\t\t<\/div>\n\t\t\t\t\t<\/div>\n\t\t<\/section>\n\t\t\t\t<section class=\"elementor-section elementor-top-section elementor-element elementor-element-56ff772 elementor-section-content-middle elementor-section-boxed elementor-section-height-default elementor-section-height-default\" data-id=\"56ff772\" data-element_type=\"section\" data-no-translation=\"\">\n\t\t\t\t\t\t<div class=\"elementor-container elementor-column-gap-wider\">\n\t\t\t\t\t<div class=\"elementor-column elementor-col-100 elementor-top-column elementor-element elementor-element-9d8c7ee\" data-id=\"9d8c7ee\" data-element_type=\"column\">\n\t\t\t<div class=\"elementor-widget-wrap elementor-element-populated\">\n\t\t\t\t\t\t<section class=\"elementor-section elementor-inner-section elementor-element elementor-element-9699bab elementor-section-content-middle elementor-section-boxed elementor-section-height-default elementor-section-height-default\" data-id=\"9699bab\" data-element_type=\"section\">\n\t\t\t\t\t\t<div class=\"elementor-container elementor-column-gap-no\">\n\t\t\t\t\t<div class=\"elementor-column elementor-col-100 elementor-inner-column elementor-element elementor-element-99c10b2\" data-id=\"99c10b2\" data-element_type=\"column\">\n\t\t\t<div class=\"elementor-widget-wrap elementor-element-populated\">\n\t\t\t\t\t\t<div class=\"elementor-element elementor-element-24fb8e5 elementor-widget__width-auto elementor-invisible elementor-widget elementor-widget-image\" data-id=\"24fb8e5\" data-element_type=\"widget\" data-settings=\"{&quot;_animation&quot;:&quot;fadeInLeft&quot;}\" data-widget_type=\"image.default\">\n\t\t\t\t<div class=\"elementor-widget-container\">\n\t\t\t\t\t\t\t\t\t\t\t\t\t<img decoding=\"async\" src=\"https:\/\/escueladeidiomastenerife.com\/wp-content\/uploads\/elementor\/thumbs\/Rectangle-3-11-ptcirm8d5dwvmps4a7lj36a9a78gxvnf9btiknh0oc.jpg\" title=\"Rectangle-3-11\" alt=\"Rectangle-3-11\" loading=\"lazy\" \/>\t\t\t\t\t\t\t\t\t\t\t\t\t<\/div>\n\t\t\t\t<\/div>\n\t\t\t\t<div class=\"elementor-element elementor-element-33f3611 elementor-widget__width-auto elementor-widget elementor-widget-heading\" data-id=\"33f3611\" data-element_type=\"widget\" data-widget_type=\"heading.default\">\n\t\t\t\t<div class=\"elementor-widget-container\">\n\t\t\t<h2 class=\"elementor-heading-title elementor-size-default\">HISTORY<\/h2>\t\t<\/div>\n\t\t\t\t<\/div>\n\t\t\t\t\t<\/div>\n\t\t<\/div>\n\t\t\t\t\t<\/div>\n\t\t<\/section>\n\t\t\t\t<div class=\"elementor-element elementor-element-7094fac elementor-widget-divider--separator-type-pattern elementor-widget-divider--view-line elementor-widget elementor-widget-divider\" data-id=\"7094fac\" data-element_type=\"widget\" data-widget_type=\"divider.default\">\n\t\t\t\t<div class=\"elementor-widget-container\">\n\t\t\t\t\t<div class=\"elementor-divider\" style=\"--divider-pattern-url: url(&quot;data:image\/svg+xml,%3Csvg xmlns=&#039;http:\/\/www.w3.org\/2000\/svg&#039; preserveAspectRatio=&#039;none&#039; overflow=&#039;visible&#039; height=&#039;100%&#039; viewBox=&#039;0 0 24 24&#039; fill=&#039;none&#039; stroke=&#039;black&#039; stroke-width=&#039;2&#039; stroke-linecap=&#039;square&#039; stroke-miterlimit=&#039;10&#039;%3E%3Cpolyline points=&#039;0,18 12,6 24,18 &#039;\/%3E%3C\/svg%3E&quot;);\">\n\t\t\t<span class=\"elementor-divider-separator\">\n\t\t\t\t\t\t<\/span>\n\t\t<\/div>\n\t\t\t\t<\/div>\n\t\t\t\t<\/div>\n\t\t\t\t<div class=\"elementor-element elementor-element-00729e8 elementor-widget elementor-widget-text-editor\" data-id=\"00729e8\" data-element_type=\"widget\" data-widget_type=\"text-editor.default\">\n\t\t\t\t<div class=\"elementor-widget-container\">\n\t\t\t\t\t\t\t<p>Our story, like all great stories, arises from the beautiful coincidences of life. This one begins, back in 2009, with a student called Elena who started studying Spanish at an ELE school in the north of Tenerife where a teacher called Desire worked. We don&#8217;t know how or why their paths didn&#8217;t cross until 2011, when Desi and Elena had the opportunity to meet personally as teacher and student. For the latter, it had been two very difficult years in which she had not managed to get beyond A1 level or to communicate in Spanish at all, as no one had really aroused her interest in the language. The student will never forget that first class with her new teacher in which she not only began to take an interest in the language, but also began to communicate using something other than infinitives.<\/p><p>At the beginning of 2012, after careful consideration, they decided to open a small Spanish language school for foreigners in which the feelings that had been forged during months of classes would be present. The student had a background in business administration and management and knew, as a student, what students did and did not expect from a Spanish language school. The teacher knew the teaching side of things and knew how to enthuse and motivate students, as teaching Spanish was not only her vocation, but her passion. In her school, her intention was to make everyone who studied Spanish there feel that they had a place to turn to in case they needed information or help when they were in a country that was not their own, as well as learning to communicate in Spanish, making oral comprehension and expression the core of the teaching-learning process. (All this in a relaxed atmosphere, where good humour and laughter were never lacking and made them enjoy their immersion in the language and its cultures even more).<span style=\"font-size: 1rem;\"><br \/><\/span><\/p><p><span style=\"font-size: 1rem;\">A few months later, in July 2012, they created a company and in October of the same year they\u00a0<\/span><span style=\"font-size: 1rem;\">finally opened the Desilena Spanish language school for foreigners.\u00a0<\/span><span style=\"font-size: 1rem;\">After 2 years of hard work, they decided to change the first location of the school, as in order to\u00a0<\/span><span style=\"font-size: 1rem;\">achieve one of their objectives (to become an accredited centre of the Cervantes Institute) they\u00a0<\/span><span style=\"font-size: 1rem;\">needed the place to meet a series of requirements that they could not have in the previous\u00a0<\/span><span style=\"font-size: 1rem;\">location.<\/span><\/p><p>Since August 2014, the centre has been located at Calle Col\u00f3n no 5, C.C. Aguamarina local 15-17, Puerto Col\u00f3n.\u00a0<span style=\"font-size: 1rem;\">And so, step by step, after many adventures and misadventures, without haste but without pause,\u00a0<\/span><span style=\"font-size: 1rem;\">we have created our Desilena family and we are proud to see how it continues to grow along with\u00a0<\/span><span style=\"font-size: 1rem;\">our dreams and our achievements.<\/span><\/p><p>In January 2019 we received the seal of accredited centre by the Cervantes Institute thanks to the work, effort, perseverance and perseverance of the previous years, which, by the way, were not easy. That same year we became a member of FEDELE, the Spanish Federation of Spanish Schools for Foreigners.<\/p><p>In addition, since 2020 we have been the first DELE and CCSE examination centre in the south of Tenerife. In this way, we have been enjoying and sharing our motto every day for more than 11 years:<\/p><h1 style=\"text-align: center;\"><span style=\"color: #ff0000;\"><strong>\u00a1TODO EL MUNDO SONR\u00cdE EN EL MISMO IDIOMA!<\/strong><\/span><\/h1>\t\t\t\t\t\t<\/div>\n\t\t\t\t<\/div>\n\t\t\t\t\t<\/div>\n\t\t<\/div>\n\t\t\t\t\t<\/div>\n\t\t<\/section>\n\t\t\t\t<\/div>","protected":false},"excerpt":{"rendered":"<p>MISI\u00d3N Y VISI\u00d3N MISI\u00d3N En Desilena nuestra misi\u00f3n es: ofrecer a nuestros estudiantes una educaci\u00f3n de calidad a trav\u00e9s de la inmersi\u00f3n ling\u00fc\u00edstica en el espa\u00f1ol y sus culturas; ser un centro educativo referente en la ense\u00f1anza del Espa\u00f1ol como Lengua Extranjera en Canarias; crear un ambiente acogedor que fomente que el estudiante se sienta [&hellip;]<\/p>","protected":false},"author":2,"featured_media":0,"parent":0,"menu_order":0,"comment_status":"closed","ping_status":"closed","template":"elementor_header_footer","meta":{"_monsterinsights_skip_tracking":false,"footnotes":""},"class_list":["post-1966","page","type-page","status-publish","hentry"],"yoast_head":"<!-- This site is optimized with the Yoast SEO plugin v23.0 - https:\/\/yoast.com\/wordpress\/plugins\/seo\/ -->\n<title>Misi\u00f3n, Visi\u00f3n - Desilena<\/title>\n<meta name=\"robots\" content=\"index, follow, max-snippet:-1, max-image-preview:large, max-video-preview:-1\" \/>\n<link rel=\"canonical\" href=\"https:\/\/escueladeidiomastenerife.com\/en\/mision-vision\/\" \/>\n<meta property=\"og:locale\" content=\"en_GB\" \/>\n<meta property=\"og:type\" content=\"article\" \/>\n<meta property=\"og:title\" content=\"Misi\u00f3n, Visi\u00f3n - Desilena\" \/>\n<meta property=\"og:description\" content=\"MISI\u00d3N Y VISI\u00d3N MISI\u00d3N En Desilena nuestra misi\u00f3n es: ofrecer a nuestros estudiantes una educaci\u00f3n de calidad a trav\u00e9s de la inmersi\u00f3n ling\u00fc\u00edstica en el espa\u00f1ol y sus culturas; ser un centro educativo referente en la ense\u00f1anza del Espa\u00f1ol como Lengua Extranjera en Canarias; crear un ambiente acogedor que fomente que el estudiante se sienta [&hellip;]\" \/>\n<meta property=\"og:url\" content=\"https:\/\/escueladeidiomastenerife.com\/en\/mision-vision\/\" \/>\n<meta property=\"og:site_name\" content=\"Desilena\" \/>\n<meta property=\"article:modified_time\" content=\"2024-05-24T14:30:14+00:00\" \/>\n<meta property=\"og:image\" content=\"https:\/\/escueladeidiomastenerife.com\/wp-content\/uploads\/2022\/06\/Rectangle-5-1.jpg\" \/>\n<meta name=\"twitter:card\" content=\"summary_large_image\" \/>\n<script type=\"application\/ld+json\" class=\"yoast-schema-graph\">{\"@context\":\"https:\/\/schema.org\",\"@graph\":[{\"@type\":\"WebPage\",\"@id\":\"https:\/\/escueladeidiomastenerife.com\/mision-vision\/\",\"url\":\"https:\/\/escueladeidiomastenerife.com\/mision-vision\/\",\"name\":\"Misi\u00f3n, Visi\u00f3n - Desilena\",\"isPartOf\":{\"@id\":\"https:\/\/escueladeidiomastenerife.com\/#website\"},\"primaryImageOfPage\":{\"@id\":\"https:\/\/escueladeidiomastenerife.com\/mision-vision\/#primaryimage\"},\"image\":{\"@id\":\"https:\/\/escueladeidiomastenerife.com\/mision-vision\/#primaryimage\"},\"thumbnailUrl\":\"https:\/\/escueladeidiomastenerife.com\/wp-content\/uploads\/2022\/06\/Rectangle-5-1.jpg\",\"datePublished\":\"2024-04-29T11:00:06+00:00\",\"dateModified\":\"2024-05-24T14:30:14+00:00\",\"breadcrumb\":{\"@id\":\"https:\/\/escueladeidiomastenerife.com\/mision-vision\/#breadcrumb\"},\"inLanguage\":\"en-GB\",\"potentialAction\":[{\"@type\":\"ReadAction\",\"target\":[\"https:\/\/escueladeidiomastenerife.com\/mision-vision\/\"]}]},{\"@type\":\"ImageObject\",\"inLanguage\":\"en-GB\",\"@id\":\"https:\/\/escueladeidiomastenerife.com\/mision-vision\/#primaryimage\",\"url\":\"https:\/\/escueladeidiomastenerife.com\/wp-content\/uploads\/2022\/06\/Rectangle-5-1.jpg\",\"contentUrl\":\"https:\/\/escueladeidiomastenerife.com\/wp-content\/uploads\/2022\/06\/Rectangle-5-1.jpg\"},{\"@type\":\"BreadcrumbList\",\"@id\":\"https:\/\/escueladeidiomastenerife.com\/mision-vision\/#breadcrumb\",\"itemListElement\":[{\"@type\":\"ListItem\",\"position\":1,\"name\":\"Portada\",\"item\":\"https:\/\/escueladeidiomastenerife.com\/\"},{\"@type\":\"ListItem\",\"position\":2,\"name\":\"Misi\u00f3n, Visi\u00f3n\"}]},{\"@type\":\"WebSite\",\"@id\":\"https:\/\/escueladeidiomastenerife.com\/#website\",\"url\":\"https:\/\/escueladeidiomastenerife.com\/\",\"name\":\"Desilena\",\"description\":\"Escuela de espa\u00f1ol para extranjeros en el sur de Tenerife\",\"publisher\":{\"@id\":\"https:\/\/escueladeidiomastenerife.com\/#organization\"},\"potentialAction\":[{\"@type\":\"SearchAction\",\"target\":{\"@type\":\"EntryPoint\",\"urlTemplate\":\"https:\/\/escueladeidiomastenerife.com\/?s={search_term_string}\"},\"query-input\":\"required name=search_term_string\"}],\"inLanguage\":\"en-GB\"},{\"@type\":\"Organization\",\"@id\":\"https:\/\/escueladeidiomastenerife.com\/#organization\",\"name\":\"Desilena\",\"url\":\"https:\/\/escueladeidiomastenerife.com\/\",\"logo\":{\"@type\":\"ImageObject\",\"inLanguage\":\"en-GB\",\"@id\":\"https:\/\/escueladeidiomastenerife.com\/#\/schema\/logo\/image\/\",\"url\":\"https:\/\/escuela.na4u.ru\/wp-content\/uploads\/2022\/06\/cropped-logo-transparente-2.png\",\"contentUrl\":\"https:\/\/escuela.na4u.ru\/wp-content\/uploads\/2022\/06\/cropped-logo-transparente-2.png\",\"width\":886,\"height\":277,\"caption\":\"Desilena\"},\"image\":{\"@id\":\"https:\/\/escueladeidiomastenerife.com\/#\/schema\/logo\/image\/\"}}]}<\/script>\n<!-- \/ Yoast SEO plugin. -->","yoast_head_json":{"title":"Misi\u00f3n, Visi\u00f3n - Desilena","robots":{"index":"index","follow":"follow","max-snippet":"max-snippet:-1","max-image-preview":"max-image-preview:large","max-video-preview":"max-video-preview:-1"},"canonical":"https:\/\/escueladeidiomastenerife.com\/en\/mision-vision\/","og_locale":"en_GB","og_type":"article","og_title":"Misi\u00f3n, Visi\u00f3n - Desilena","og_description":"MISI\u00d3N Y VISI\u00d3N MISI\u00d3N En Desilena nuestra misi\u00f3n es: ofrecer a nuestros estudiantes una educaci\u00f3n de calidad a trav\u00e9s de la inmersi\u00f3n ling\u00fc\u00edstica en el espa\u00f1ol y sus culturas; ser un centro educativo referente en la ense\u00f1anza del Espa\u00f1ol como Lengua Extranjera en Canarias; crear un ambiente acogedor que fomente que el estudiante se sienta [&hellip;]","og_url":"https:\/\/escueladeidiomastenerife.com\/en\/mision-vision\/","og_site_name":"Desilena","article_modified_time":"2024-05-24T14:30:14+00:00","og_image":[{"url":"https:\/\/escueladeidiomastenerife.com\/wp-content\/uploads\/2022\/06\/Rectangle-5-1.jpg"}],"twitter_card":"summary_large_image","schema":{"@context":"https:\/\/schema.org","@graph":[{"@type":"WebPage","@id":"https:\/\/escueladeidiomastenerife.com\/mision-vision\/","url":"https:\/\/escueladeidiomastenerife.com\/mision-vision\/","name":"Misi\u00f3n, Visi\u00f3n - Desilena","isPartOf":{"@id":"https:\/\/escueladeidiomastenerife.com\/#website"},"primaryImageOfPage":{"@id":"https:\/\/escueladeidiomastenerife.com\/mision-vision\/#primaryimage"},"image":{"@id":"https:\/\/escueladeidiomastenerife.com\/mision-vision\/#primaryimage"},"thumbnailUrl":"https:\/\/escueladeidiomastenerife.com\/wp-content\/uploads\/2022\/06\/Rectangle-5-1.jpg","datePublished":"2024-04-29T11:00:06+00:00","dateModified":"2024-05-24T14:30:14+00:00","breadcrumb":{"@id":"https:\/\/escueladeidiomastenerife.com\/mision-vision\/#breadcrumb"},"inLanguage":"en-GB","potentialAction":[{"@type":"ReadAction","target":["https:\/\/escueladeidiomastenerife.com\/mision-vision\/"]}]},{"@type":"ImageObject","inLanguage":"en-GB","@id":"https:\/\/escueladeidiomastenerife.com\/mision-vision\/#primaryimage","url":"https:\/\/escueladeidiomastenerife.com\/wp-content\/uploads\/2022\/06\/Rectangle-5-1.jpg","contentUrl":"https:\/\/escueladeidiomastenerife.com\/wp-content\/uploads\/2022\/06\/Rectangle-5-1.jpg"},{"@type":"BreadcrumbList","@id":"https:\/\/escueladeidiomastenerife.com\/mision-vision\/#breadcrumb","itemListElement":[{"@type":"ListItem","position":1,"name":"Portada","item":"https:\/\/escueladeidiomastenerife.com\/"},{"@type":"ListItem","position":2,"name":"Misi\u00f3n, Visi\u00f3n"}]},{"@type":"WebSite","@id":"https:\/\/escueladeidiomastenerife.com\/#website","url":"https:\/\/escueladeidiomastenerife.com\/","name":"Desilena","description":"Escuela de espa\u00f1ol para extranjeros en el sur de Tenerife","publisher":{"@id":"https:\/\/escueladeidiomastenerife.com\/#organization"},"potentialAction":[{"@type":"SearchAction","target":{"@type":"EntryPoint","urlTemplate":"https:\/\/escueladeidiomastenerife.com\/?s={search_term_string}"},"query-input":"required name=search_term_string"}],"inLanguage":"en-GB"},{"@type":"Organization","@id":"https:\/\/escueladeidiomastenerife.com\/#organization","name":"Desilena","url":"https:\/\/escueladeidiomastenerife.com\/","logo":{"@type":"ImageObject","inLanguage":"en-GB","@id":"https:\/\/escueladeidiomastenerife.com\/#\/schema\/logo\/image\/","url":"https:\/\/escuela.na4u.ru\/wp-content\/uploads\/2022\/06\/cropped-logo-transparente-2.png","contentUrl":"https:\/\/escuela.na4u.ru\/wp-content\/uploads\/2022\/06\/cropped-logo-transparente-2.png","width":886,"height":277,"caption":"Desilena"},"image":{"@id":"https:\/\/escueladeidiomastenerife.com\/#\/schema\/logo\/image\/"}}]}},"_links":{"self":[{"href":"https:\/\/escueladeidiomastenerife.com\/en\/wp-json\/wp\/v2\/pages\/1966","targetHints":{"allow":["GET"]}}],"collection":[{"href":"https:\/\/escueladeidiomastenerife.com\/en\/wp-json\/wp\/v2\/pages"}],"about":[{"href":"https:\/\/escueladeidiomastenerife.com\/en\/wp-json\/wp\/v2\/types\/page"}],"author":[{"embeddable":true,"href":"https:\/\/escueladeidiomastenerife.com\/en\/wp-json\/wp\/v2\/users\/2"}],"replies":[{"embeddable":true,"href":"https:\/\/escueladeidiomastenerife.com\/en\/wp-json\/wp\/v2\/comments?post=1966"}],"version-history":[{"count":0,"href":"https:\/\/escueladeidiomastenerife.com\/en\/wp-json\/wp\/v2\/pages\/1966\/revisions"}],"wp:attachment":[{"href":"https:\/\/escueladeidiomastenerife.com\/en\/wp-json\/wp\/v2\/media?parent=1966"}],"curies":[{"name":"wp","href":"https:\/\/api.w.org\/{rel}","templated":true}]}}